{"version":"1.0","provider_name":"Gemeinden gestalten","provider_url":"https:\/\/hub.hslu.ch\/gemeindengestalten","title":"Demografische Alterung \u2013 Herausforderungen f\u00fcr Gemeinden - Gemeinden gestalten","type":"rich","width":600,"height":338,"html":"<blockquote class=\"wp-embedded-content\" data-secret=\"MMWWKK08ZE\"><a href=\"https:\/\/hub.hslu.ch\/gemeindengestalten\/demografische-alterung-herausforderungen-fuer-gemeinden\/\">Demografische Alterung \u2013 Herausforderungen f\u00fcr Gemeinden<\/a><\/blockquote><iframe sandbox=\"allow-scripts\" security=\"restricted\" src=\"https:\/\/hub.hslu.ch\/gemeindengestalten\/demografische-alterung-herausforderungen-fuer-gemeinden\/embed\/#?secret=MMWWKK08ZE\" width=\"600\" height=\"338\" title=\"&#171;Demografische Alterung \u2013 Herausforderungen f\u00fcr Gemeinden&#187; &#8211; Gemeinden gestalten\" data-secret=\"MMWWKK08ZE\" frameborder=\"0\" marginwidth=\"0\" marginheight=\"0\" scrolling=\"no\" class=\"wp-embedded-content\"><\/iframe><script type=\"text\/javascript\">\n\/* <![CDATA[ *\/\n\/*! This file is auto-generated *\/\n!function(d,l){\"use strict\";l.querySelector&&d.addEventListener&&\"undefined\"!=typeof URL&&(d.wp=d.wp||{},d.wp.receiveEmbedMessage||(d.wp.receiveEmbedMessage=function(e){var t=e.data;if((t||t.secret||t.message||t.value)&&!\/[^a-zA-Z0-9]\/.test(t.secret)){for(var s,r,n,a=l.querySelectorAll('iframe[data-secret=\"'+t.secret+'\"]'),o=l.querySelectorAll('blockquote[data-secret=\"'+t.secret+'\"]'),c=new RegExp(\"^https?:$\",\"i\"),i=0;i<o.length;i++)o[i].style.display=\"none\";for(i=0;i<a.length;i++)s=a[i],e.source===s.contentWindow&&(s.removeAttribute(\"style\"),\"height\"===t.message?(1e3<(r=parseInt(t.value,10))?r=1e3:~~r<200&&(r=200),s.height=r):\"link\"===t.message&&(r=new URL(s.getAttribute(\"src\")),n=new URL(t.value),c.test(n.protocol))&&n.host===r.host&&l.activeElement===s&&(d.top.location.href=t.value))}},d.addEventListener(\"message\",d.wp.receiveEmbedMessage,!1),l.addEventListener(\"DOMContentLoaded\",function(){for(var e,t,s=l.querySelectorAll(\"iframe.wp-embedded-content\"),r=0;r<s.length;r++)(t=(e=s[r]).getAttribute(\"data-secret\"))||(t=Math.random().toString(36).substring(2,12),e.src+=\"#?secret=\"+t,e.setAttribute(\"data-secret\",t)),e.contentWindow.postMessage({message:\"ready\",secret:t},\"*\")},!1)))}(window,document);\n\/\/# sourceURL=https:\/\/hub.hslu.ch\/gemeindengestalten\/wp-includes\/js\/wp-embed.min.js\n\/* ]]> *\/\n<\/script>\n","thumbnail_url":"https:\/\/hub.hslu.ch\/gemeindengestalten\/wp-content\/uploads\/sites\/26\/2025\/03\/DALL\u00b7E-2025-03-18-15.48.39-80-year-old-couple-sitting-on-a-bench4.png","thumbnail_width":884,"thumbnail_height":763,"description":"Die Bev\u00f6lkerung des Kantons Luzern wird \u00e4lter \u2013 eine Entwicklung, die Gesellschaft und Wirtschaft und damit auch die Gemeinden nachhaltig pr\u00e4gt. Die demografische Alterung ist auf die sinkende Geburtenrate und die steigende Lebenserwartung zur\u00fcckzuf\u00fchren. Wachsender Anteil \u00dcber-65-J\u00e4hrige: Was bedeutet dies f\u00fcr meine Gemeinde? Dieser Frage widmet sich die zweite Nachmittagsveranstaltung im neuen Format \u00abGemeinden aktuell\u00bb der HSLU."}