{"id":1553,"date":"2015-01-07T18:01:37","date_gmt":"2015-01-07T17:01:37","guid":{"rendered":"https:\/\/hub.hslu.ch\/smart-up\/?page_id=1553"},"modified":"2019-02-19T14:42:53","modified_gmt":"2019-02-19T13:42:53","slug":"smart-up-hubs","status":"publish","type":"page","link":"https:\/\/hub.hslu.ch\/smart-up\/smart-up-hubs\/","title":{"rendered":"Infrastruktur"},"content":{"rendered":"<p>An der <strong>Hochschule Luzern &#8211; Wirtschaft<\/strong>\u00a0k\u00f6nnen im Zwischengeschoss an der Zentralstrasse 9 in Luzern auch <strong>Arbeitspl\u00e4tze<\/strong> f\u00fcr Jungunternehmende gemietet werden. Das <a href=\"https:\/\/hub.hslu.ch\/smart-up\/wp-content\/blogs.dir\/578\/files\/sites\/12\/2014\/07\/Screen-Shot-2014-07-03-at-13.44.04.png\">flexible Raumkonzept<\/a> erm\u00f6glicht die Bereitstellung von individuell angepassten Arbeitspl\u00e4tzen mit\u00a0moderner Ausstattung.<\/p>\n<p><a title=\"Smart-up Hub Luzern\" href=\"https:\/\/hub.hslu.ch\/smart-up\/smart-up-hubs\/smart-up-hub-luzern\/\"><span style=\"color: #e20099\"><strong>Weitere Informationen zum\u00a0Smart-up Hub Luzern<\/strong><\/span><\/a><\/p>\n<p>An der <strong>Hochschule Luzern &#8211; Technik&amp;Architektur<\/strong> werden Arbeitspl\u00e4tze f\u00fcr Start-ups\u00a0an der Ebenaustrasse 20 in Horw (gegen\u00fcber dem Campus) angeboten.<\/p>\n<p><a title=\"Smart-up Hub Horw\" href=\"https:\/\/hub.hslu.ch\/smart-up\/smart-up-hubs\/smart-up-hub-horw\/\"><span style=\"color: #e20099\"><strong>Weitere Informationen zum\u00a0Smart-up Hub Horw<\/strong><\/span><\/a><\/p>\n<p>Studierenden der <strong>Hochschule Luzern &#8211; Informatik<\/strong> werden im Rahmen des Smart-up-Programms Arbeitspl\u00e4tze im Co-Working-Bereich des Vereins Innovationspark Zentralschweiz zur Verf\u00fcgung gestellt. Dieser befindet sich im 5. Obergeschoss der Suurstoffi 41b in Rotkreuz und bietet nebst WiFi und Kaffeemaschine ein inspirierendes Setting sowie die M\u00f6glichkeit, sich mit Industrievertretern auszutauschen.<\/p>\n<p><a href=\"https:\/\/www.building-excellence.ch\/\"><span style=\"color: #e20099\"><strong>Weitere Informationen zum Verein Innovationspark Zentralschweiz und den R\u00e4umlichkeiten<\/strong><\/span><\/a><\/p>\n<p>Erg\u00e4nzend zu den beiden lokalen Hubs in Horw und Luzern verf\u00fcgt Smart-up \u00fcber Kooperationen zu aktuell drei Standorten in der Region.<br \/>\nDie Smart-up Satelliten erm\u00f6glichen unseren Start-ups ein Arbeiten in ihren Heimat- oder Wunschkantonen.<\/p>\n<p><a href=\"https:\/\/hub.hslu.ch\/smart-up\/smart-up-hubs\/smart-up-hub-alpnach-micropark-pilatus\/\">Smart-up Satellit Alpnach &#8211; microPark Pilatus<\/a><\/p>\n<p><a href=\"https:\/\/hub.hslu.ch\/smart-up\/smart-up-hubs\/smart-up-satellit-altdorf-daetwyler-stiftung\/\">Smart-up Satellit Altdorf &#8211; Working Point<\/a><\/p>\n<p><a href=\"https:\/\/hub.hslu.ch\/smart-up\/smart-up-hubs\/smart-up-hub-zug-business-park-zug\/\">Smart-up Satellit Zug &#8211; Business Park Zug<\/a><\/p>\n","protected":false},"excerpt":{"rendered":"<p>An der Hochschule Luzern &#8211; Wirtschaft\u00a0k\u00f6nnen im Zwischengeschoss an der Zentralstrasse 9 in Luzern auch Arbeitspl\u00e4tze f\u00fcr Jungunternehmende gemietet werden. Das flexible Raumkonzept erm\u00f6glicht die Bereitstellung von individuell angepassten Arbeitspl\u00e4tzen mit\u00a0moderner Ausstattung. Weitere Informationen zum\u00a0Smart-up Hub Luzern An der Hochschule Luzern &#8211; Technik&amp;Architektur werden Arbeitspl\u00e4tze f\u00fcr Start-ups\u00a0an der Ebenaustrasse 20 in Horw (gegen\u00fcber dem Campus)<\/p>\n","protected":false},"author":1844,"featured_media":0,"parent":0,"menu_order":0,"comment_status":"open","ping_status":"closed","template":"","meta":{"_acf_changed":false,"inline_featured_image":false,"_relevanssi_hide_post":"","_relevanssi_hide_content":"","_relevanssi_pin_for_all":"","_relevanssi_pin_keywords":"","_relevanssi_unpin_keywords":"","_relevanssi_related_keywords":"","_relevanssi_related_include_ids":"","_relevanssi_related_exclude_ids":"","_relevanssi_related_no_append":"","_relevanssi_related_not_related":"","_relevanssi_related_posts":"10743,9718,8996,7512,5860,4782","_relevanssi_noindex_reason":"","footnotes":"","_links_to":"","_links_to_target":""},"class_list":["post-1553","page","type-page","status-publish","hentry"],"acf":[],"yoast_head":"<!-- This site is optimized with the Yoast SEO plugin v27.5 - https:\/\/yoast.com\/product\/yoast-seo-wordpress\/ -->\n<title>Infrastruktur - Smart-up<\/title>\n<meta name=\"description\" content=\"An der Hochschule Luzern - Wirtschaft\u00a0k\u00f6nnen im Zwischengeschoss an der Zentralstrasse 9 in Luzern auch Arbeitspl\u00e4tze f\u00fcr Jungunternehmende gemietet\" \/>\n<meta name=\"robots\" content=\"index, follow, max-snippet:-1, max-image-preview:large, max-video-preview:-1\" \/>\n<link rel=\"canonical\" href=\"https:\/\/hub.hslu.ch\/smart-up\/smart-up-hubs\/\" \/>\n<meta property=\"og:locale\" content=\"de_DE\" \/>\n<meta property=\"og:type\" content=\"article\" \/>\n<meta property=\"og:title\" content=\"Infrastruktur - Smart-up\" \/>\n<meta property=\"og:description\" content=\"An der Hochschule Luzern - Wirtschaft\u00a0k\u00f6nnen im Zwischengeschoss an der Zentralstrasse 9 in Luzern auch Arbeitspl\u00e4tze f\u00fcr Jungunternehmende gemietet\" \/>\n<meta property=\"og:url\" content=\"https:\/\/hub.hslu.ch\/smart-up\/smart-up-hubs\/\" \/>\n<meta property=\"og:site_name\" content=\"Smart-up\" \/>\n<meta property=\"article:modified_time\" content=\"2019-02-19T13:42:53+00:00\" \/>\n<meta name=\"twitter:card\" content=\"summary_large_image\" \/>\n<meta name=\"twitter:label1\" content=\"Gesch\u00e4tzte Lesezeit\" \/>\n\t<meta name=\"twitter:data1\" content=\"1\u00a0Minute\" \/>\n<script type=\"application\/ld+json\" class=\"yoast-schema-graph\">{\"@context\":\"https:\\\/\\\/schema.org\",\"@graph\":[{\"@type\":\"WebPage\",\"@id\":\"https:\\\/\\\/hub.hslu.ch\\\/smart-up\\\/smart-up-hubs\\\/\",\"url\":\"https:\\\/\\\/hub.hslu.ch\\\/smart-up\\\/smart-up-hubs\\\/\",\"name\":\"Infrastruktur - Smart-up\",\"isPartOf\":{\"@id\":\"https:\\\/\\\/hub.hslu.ch\\\/smart-up\\\/#website\"},\"datePublished\":\"2015-01-07T17:01:37+00:00\",\"dateModified\":\"2019-02-19T13:42:53+00:00\",\"description\":\"An der Hochschule Luzern - Wirtschaft\u00a0k\u00f6nnen im Zwischengeschoss an der Zentralstrasse 9 in Luzern auch Arbeitspl\u00e4tze f\u00fcr Jungunternehmende gemietet\",\"inLanguage\":\"de-CH\",\"potentialAction\":[{\"@type\":\"ReadAction\",\"target\":[\"https:\\\/\\\/hub.hslu.ch\\\/smart-up\\\/smart-up-hubs\\\/\"]}]},{\"@type\":\"WebSite\",\"@id\":\"https:\\\/\\\/hub.hslu.ch\\\/smart-up\\\/#website\",\"url\":\"https:\\\/\\\/hub.hslu.ch\\\/smart-up\\\/\",\"name\":\"Smart-up\",\"description\":\"Ideen erfolgreich umsetzen\",\"potentialAction\":[{\"@type\":\"SearchAction\",\"target\":{\"@type\":\"EntryPoint\",\"urlTemplate\":\"https:\\\/\\\/hub.hslu.ch\\\/smart-up\\\/?s={search_term_string}\"},\"query-input\":{\"@type\":\"PropertyValueSpecification\",\"valueRequired\":true,\"valueName\":\"search_term_string\"}}],\"inLanguage\":\"de-CH\"}]}<\/script>\n<!-- \/ Yoast SEO plugin. -->","yoast_head_json":{"title":"Infrastruktur - Smart-up","description":"An der Hochschule Luzern - Wirtschaft\u00a0k\u00f6nnen im Zwischengeschoss an der Zentralstrasse 9 in Luzern auch Arbeitspl\u00e4tze f\u00fcr Jungunternehmende gemietet","robots":{"index":"index","follow":"follow","max-snippet":"max-snippet:-1","max-image-preview":"max-image-preview:large","max-video-preview":"max-video-preview:-1"},"canonical":"https:\/\/hub.hslu.ch\/smart-up\/smart-up-hubs\/","og_locale":"de_DE","og_type":"article","og_title":"Infrastruktur - Smart-up","og_description":"An der Hochschule Luzern - Wirtschaft\u00a0k\u00f6nnen im Zwischengeschoss an der Zentralstrasse 9 in Luzern auch Arbeitspl\u00e4tze f\u00fcr Jungunternehmende gemietet","og_url":"https:\/\/hub.hslu.ch\/smart-up\/smart-up-hubs\/","og_site_name":"Smart-up","article_modified_time":"2019-02-19T13:42:53+00:00","twitter_card":"summary_large_image","twitter_misc":{"Gesch\u00e4tzte Lesezeit":"1\u00a0Minute"},"schema":{"@context":"https:\/\/schema.org","@graph":[{"@type":"WebPage","@id":"https:\/\/hub.hslu.ch\/smart-up\/smart-up-hubs\/","url":"https:\/\/hub.hslu.ch\/smart-up\/smart-up-hubs\/","name":"Infrastruktur - Smart-up","isPartOf":{"@id":"https:\/\/hub.hslu.ch\/smart-up\/#website"},"datePublished":"2015-01-07T17:01:37+00:00","dateModified":"2019-02-19T13:42:53+00:00","description":"An der Hochschule Luzern - Wirtschaft\u00a0k\u00f6nnen im Zwischengeschoss an der Zentralstrasse 9 in Luzern auch Arbeitspl\u00e4tze f\u00fcr Jungunternehmende gemietet","inLanguage":"de-CH","potentialAction":[{"@type":"ReadAction","target":["https:\/\/hub.hslu.ch\/smart-up\/smart-up-hubs\/"]}]},{"@type":"WebSite","@id":"https:\/\/hub.hslu.ch\/smart-up\/#website","url":"https:\/\/hub.hslu.ch\/smart-up\/","name":"Smart-up","description":"Ideen erfolgreich umsetzen","potentialAction":[{"@type":"SearchAction","target":{"@type":"EntryPoint","urlTemplate":"https:\/\/hub.hslu.ch\/smart-up\/?s={search_term_string}"},"query-input":{"@type":"PropertyValueSpecification","valueRequired":true,"valueName":"search_term_string"}}],"inLanguage":"de-CH"}]}},"featured_image_src":null,"featured_image_src_square":null,"_links":{"self":[{"href":"https:\/\/hub.hslu.ch\/smart-up\/wp-json\/wp\/v2\/pages\/1553","targetHints":{"allow":["GET"]}}],"collection":[{"href":"https:\/\/hub.hslu.ch\/smart-up\/wp-json\/wp\/v2\/pages"}],"about":[{"href":"https:\/\/hub.hslu.ch\/smart-up\/wp-json\/wp\/v2\/types\/page"}],"author":[{"embeddable":true,"href":"https:\/\/hub.hslu.ch\/smart-up\/wp-json\/wp\/v2\/users\/1844"}],"replies":[{"embeddable":true,"href":"https:\/\/hub.hslu.ch\/smart-up\/wp-json\/wp\/v2\/comments?post=1553"}],"version-history":[{"count":5,"href":"https:\/\/hub.hslu.ch\/smart-up\/wp-json\/wp\/v2\/pages\/1553\/revisions"}],"predecessor-version":[{"id":5153,"href":"https:\/\/hub.hslu.ch\/smart-up\/wp-json\/wp\/v2\/pages\/1553\/revisions\/5153"}],"wp:attachment":[{"href":"https:\/\/hub.hslu.ch\/smart-up\/wp-json\/wp\/v2\/media?parent=1553"}],"curies":[{"name":"wp","href":"https:\/\/api.w.org\/{rel}","templated":true}]}}